{"id":1535,"date":"2018-05-08T17:28:08","date_gmt":"2018-05-08T15:28:08","guid":{"rendered":"https:\/\/www.lesdunessuitesbenidorm.com\/apartamentos-les-dunes-suites-benidorm\/"},"modified":"2026-04-21T17:30:11","modified_gmt":"2026-04-21T15:30:11","slug":"apartamentos-les-dunes-suites-benidorm","status":"publish","type":"page","link":"https:\/\/www.lesdunessuitesbenidorm.com\/fr\/","title":{"rendered":"LOCATION APPARTEMENTS LES DUNES SUITES BENIDORM"},"content":{"rendered":"<p>[et_pb_section fb_built=\u00a0\u00bb1&Prime; inner_shadow=\u00a0\u00bbon\u00a0\u00bb fullwidth=\u00a0\u00bbon\u00a0\u00bb admin_label=\u00a0\u00bbHero\u00a0\u00bb _builder_version=\u00a0\u00bb4.16&Prime; parallax=\u00a0\u00bbon\u00a0\u00bb custom_padding=\u00a0\u00bb0px|0px|0px|0px\u00a0\u00bb global_colors_info=\u00a0\u00bb{}\u00a0\u00bb][et_pb_fullwidth_header title=\u00a0\u00bbLOCATION D&rsquo;APPARTEMENTS &#8211; LES DUNES SUITES &#8211; BENIDORM\u00a0\u00bb background_overlay_color=\u00a0\u00bbrgba(29,38,51,0.02)\u00a0\u00bb content_max_width=\u00a0\u00bb700px\u00a0\u00bb admin_label=\u00a0\u00bbBIENVENIDOS\u00a0\u00bb _builder_version=\u00a0\u00bb4.26.0&Prime; title_level=\u00a0\u00bbh2&Prime; title_font=\u00a0\u00bb|700||on|||||\u00a0\u00bb title_text_align=\u00a0\u00bbleft\u00a0\u00bb title_text_color=\u00a0\u00bb#FFFFFF\u00a0\u00bb title_line_height=\u00a0\u00bb1.3em\u00a0\u00bb content_font=\u00a0\u00bbRoboto||||\u00a0\u00bb content_font_size=\u00a0\u00bb20px\u00a0\u00bb background_color=\u00a0\u00bbrgba(255,255,255,0)\u00a0\u00bb background_image=\u00a0\u00bbhttps:\/\/www.lesdunessuitesbenidorm.com\/wp-content\/uploads\/2021\/08\/lesdunes_suites_benidorm.jpg\u00a0\u00bb custom_button_one=\u00a0\u00bbon\u00a0\u00bb button_one_border_radius=\u00a0\u00bb0px\u00a0\u00bb button_one_letter_spacing=\u00a0\u00bb4px\u00a0\u00bb button_one_font=\u00a0\u00bbOswald|on||on|\u00a0\u00bb button_one_icon=\u00a0\u00bb&#x24;||divi||400&Prime; button_one_icon_color=\u00a0\u00bb#ffffff\u00a0\u00bb custom_margin=\u00a0\u00bb|||\u00a0\u00bb custom_padding=\u00a0\u00bb150px||150px|\u00a0\u00bb custom_padding_tablet=\u00a0\u00bb60px||60px|\u00a0\u00bb custom_padding_phone=\u00a0\u00bb\u00a0\u00bb custom_padding_last_edited=\u00a0\u00bbon|tablet\u00a0\u00bb animation_direction=\u00a0\u00bbbottom\u00a0\u00bb custom_css_title=\u00a0\u00bbAlquiles de Apartamentos Les Dunes Suites Benidorm\u00a0\u00bb text_shadow_style=\u00a0\u00bbpreset2&Prime; button_one_text_color_hover=\u00a0\u00bb#ffffff\u00a0\u00bb button_one_border_color_hover=\u00a0\u00bb#ffffff\u00a0\u00bb button_one_border_radius_hover=\u00a0\u00bb0px\u00a0\u00bb button_one_letter_spacing_hover=\u00a0\u00bb4px\u00a0\u00bb button_one_bg_color_hover=\u00a0\u00bbrgba(0,0,0,0)\u00a0\u00bb global_colors_info=\u00a0\u00bb{}\u00a0\u00bb button_one_text_size__hover_enabled=\u00a0\u00bboff\u00a0\u00bb button_one_text_size__hover=\u00a0\u00bbnull\u00a0\u00bb button_two_text_size__hover_enabled=\u00a0\u00bboff\u00a0\u00bb button_two_text_size__hover=\u00a0\u00bbnull\u00a0\u00bb button_one_text_color__hover_enabled=\u00a0\u00bbon\u00a0\u00bb button_one_text_color__hover=\u00a0\u00bb#ffffff\u00a0\u00bb button_two_text_color__hover_enabled=\u00a0\u00bboff\u00a0\u00bb button_two_text_color__hover=\u00a0\u00bbnull\u00a0\u00bb button_one_border_width__hover_enabled=\u00a0\u00bboff\u00a0\u00bb button_one_border_width__hover=\u00a0\u00bbnull\u00a0\u00bb button_two_border_width__hover_enabled=\u00a0\u00bboff\u00a0\u00bb button_two_border_width__hover=\u00a0\u00bbnull\u00a0\u00bb button_one_border_color__hover_enabled=\u00a0\u00bbon\u00a0\u00bb button_one_border_color__hover=\u00a0\u00bb#ffffff\u00a0\u00bb button_two_border_color__hover_enabled=\u00a0\u00bboff\u00a0\u00bb button_two_border_color__hover=\u00a0\u00bbnull\u00a0\u00bb button_one_border_radius__hover_enabled=\u00a0\u00bbon\u00a0\u00bb button_one_border_radius__hover=\u00a0\u00bb0px\u00a0\u00bb button_two_border_radius__hover_enabled=\u00a0\u00bboff\u00a0\u00bb button_two_border_radius__hover=\u00a0\u00bbnull\u00a0\u00bb button_one_letter_spacing__hover_enabled=\u00a0\u00bbon\u00a0\u00bb button_one_letter_spacing__hover=\u00a0\u00bb4px\u00a0\u00bb button_two_letter_spacing__hover_enabled=\u00a0\u00bboff\u00a0\u00bb button_two_letter_spacing__hover=\u00a0\u00bbnull\u00a0\u00bb button_one_bg_color__hover_enabled=\u00a0\u00bbon\u00a0\u00bb button_one_bg_color__hover=\u00a0\u00bbrgba(0,0,0,0)\u00a0\u00bb button_two_bg_color__hover_enabled=\u00a0\u00bboff\u00a0\u00bb button_two_bg_color__hover=\u00a0\u00bbnull\u00a0\u00bb]<\/p>\n<p>Bienvenue aux Dunes Suites Apartments, appartements \u00e0 louer \u00e0 Benidorm, en premi\u00e8re ligne de la plage de Levante et tous avec vue sur la mer. <b>Votre<\/b> meilleur choix pour r\u00e9server un appartement en bord de mer sur la plage de Levante.<\/p>\n<p><\/p>\n<h2>R\u00e9servez votre location d&rsquo;appartement \u00e0 Benidorm<\/h2>\n<p><\/p>\n<p><b>#BenidormTeEspera<\/b><\/p>\n<p>[\/et_pb_fullwidth_header][\/et_pb_section][et_pb_section fb_built=\u00a0\u00bb1&Prime; _builder_version=\u00a0\u00bb4.16&Prime; background_color=\u00a0\u00bb#ffffff\u00a0\u00bb custom_padding=\u00a0\u00bb2px|0px|0|0px|false|false\u00a0\u00bb global_colors_info=\u00a0\u00bb{}\u00a0\u00bb][et_pb_row _builder_version=\u00a0\u00bb4.16&Prime; global_colors_info=\u00a0\u00bb{}\u00a0\u00bb][et_pb_column type=\u00a0\u00bb4_4&Prime; _builder_version=\u00a0\u00bb4.16&Prime; custom_padding=\u00a0\u00bb|||\u00a0\u00bb global_colors_info=\u00a0\u00bb{}\u00a0\u00bb custom_padding__hover=\u00a0\u00bb|||\u00a0\u00bb][et_pb_text admin_label=\u00a0\u00bbFORMULARIO DE RESERVA\u00a0\u00bb _builder_version=\u00a0\u00bb4.16&Prime; global_colors_info=\u00a0\u00bb{}\u00a0\u00bb]<\/p>\n<h2>FORMULAIRE DE DEMANDE DE R\u00c9SERVATION<\/h2>\n<p> [\/et_pb_text][\/et_pb_column][\/et_pb_row][et_pb_row _builder_version=\u00a0\u00bb4.16&Prime; global_colors_info=\u00a0\u00bb{}\u00a0\u00bb][et_pb_column type=\u00a0\u00bb4_4&Prime; _builder_version=\u00a0\u00bb4.16&Prime; global_colors_info=\u00a0\u00bb{}\u00a0\u00bb][et_pb_button button_url=\u00a0\u00bbhttps:\/\/www.lesdunessuitesbenidorm.com\/fr\/demande-de-reservation\/\u00a0\u00bb button_text=\u00a0\u00bbSi votre s\u00e9jour est inf\u00e9rieur \u00e0 7 jours, veuillez remplir le formulaire suivant\u00a0\u00bb button_alignment=\u00a0\u00bbcenter\u00a0\u00bb _builder_version=\u00a0\u00bb4.16&Prime; custom_button=\u00a0\u00bbon\u00a0\u00bb button_text_color=\u00a0\u00bb#ffffff\u00a0\u00bb button_bg_color=\u00a0\u00bb#e02b20&Prime; button_border_color=\u00a0\u00bb#e02b20&Prime; button_icon=\u00a0\u00bb&#x70;||divi||400&Prime; background_layout=\u00a0\u00bbdark\u00a0\u00bb global_colors_info=\u00a0\u00bb{}\u00a0\u00bb][\/et_pb_button][et_pb_button button_url=\u00a0\u00bbhttps:\/\/www.lesdunessuitesbenidorm.com\/fr\/lignes-directrices-en-matiere-de-securite-pour-nos-utilisateurs\/\u00a0\u00bb button_text=\u00a0\u00bbLIGNES DIRECTRICES EN MATI\u00c8RE DE S\u00c9CURIT\u00c9 POUR NOS UTILISATEURS\u00a0\u00bb button_alignment=\u00a0\u00bbcenter\u00a0\u00bb _builder_version=\u00a0\u00bb4.27.4&Prime; custom_button=\u00a0\u00bbon\u00a0\u00bb button_text_size=\u00a0\u00bb18px\u00a0\u00bb button_text_color=\u00a0\u00bb#000000&Prime; button_bg_color=\u00a0\u00bb#f2d500&Prime; button_icon=\u00a0\u00bb&#xe0f6;||divi||400&Prime; button_icon_color=\u00a0\u00bb#000000&Prime; background_layout=\u00a0\u00bbdark\u00a0\u00bb global_colors_info=\u00a0\u00bb{}\u00a0\u00bb][\/et_pb_button][et_pb_blurb title=\u00a0\u00bbD\u00c9CEMBRE, NO\u00cbL, FIN D&rsquo;ANN\u00c9E\u00a0\u00bb use_icon=\u00a0\u00bbon\u00a0\u00bb font_icon=\u00a0\u00bb&#xf2b9;||fa||400&Prime; icon_color=\u00a0\u00bb#E02B20&Prime; image_icon_width=\u00a0\u00bb71px\u00a0\u00bb _builder_version=\u00a0\u00bb4.27.4&Prime; _module_preset=\u00a0\u00bbdefault\u00a0\u00bb header_font=\u00a0\u00bb|700|||||||\u00a0\u00bb header_text_align=\u00a0\u00bbcenter\u00a0\u00bb body_font=\u00a0\u00bb|600|||||||\u00a0\u00bb body_text_align=\u00a0\u00bbcenter\u00a0\u00bb body_text_color=\u00a0\u00bb#000000&Prime; body_font_size=\u00a0\u00bb16px\u00a0\u00bb custom_padding=\u00a0\u00bb10px|10px|10px|10px|true|true\u00a0\u00bb border_width_all=\u00a0\u00bb3px\u00a0\u00bb border_color_all=\u00a0\u00bb#E02B20&Prime; global_colors_info=\u00a0\u00bb{}\u00a0\u00bb]<\/p>\n<p>Pour les r\u00e9servations en d\u00e9cembre, \u00e0 No\u00ebl et au Nouvel An, veuillez nous contacter directement..<\/p>\n<p>[\/et_pb_blurb][\/et_pb_column][\/et_pb_row][et_pb_row _builder_version=\u00a0\u00bb4.16&Prime; background_size=\u00a0\u00bbinitial\u00a0\u00bb background_position=\u00a0\u00bbtop_left\u00a0\u00bb background_repeat=\u00a0\u00bbrepeat\u00a0\u00bb global_colors_info=\u00a0\u00bb{}\u00a0\u00bb][et_pb_column type=\u00a0\u00bb4_4&Prime; _builder_version=\u00a0\u00bb4.16&Prime; custom_padding=\u00a0\u00bb|||\u00a0\u00bb global_colors_info=\u00a0\u00bb{}\u00a0\u00bb custom_padding__hover=\u00a0\u00bb|||\u00a0\u00bb][et_pb_text _builder_version=\u00a0\u00bb4.16&Prime; global_colors_info=\u00a0\u00bb{}\u00a0\u00bb]  [\/et_pb_text][\/et_pb_column][\/et_pb_row][\/et_pb_section][et_pb_section fb_built=\u00a0\u00bb1&Prime; admin_label=\u00a0\u00bbGallery\u00a0\u00bb _builder_version=\u00a0\u00bb4.16&Prime; background_color=\u00a0\u00bb#f7f7f7&Prime; custom_padding=\u00a0\u00bb0px||0px|\u00a0\u00bb global_colors_info=\u00a0\u00bb{}\u00a0\u00bb][et_pb_row column_structure=\u00a0\u00bb1_4,1_4,1_4,1_4&Prime; use_custom_gutter=\u00a0\u00bbon\u00a0\u00bb gutter_width=\u00a0\u00bb1&Prime; make_equal=\u00a0\u00bbon\u00a0\u00bb module_class=\u00a0\u00bb et_pb_row_fullwidth\u00a0\u00bb _builder_version=\u00a0\u00bb4.16&Prime; background_color=\u00a0\u00bbrgba(255, 255, 255, 0)\u00a0\u00bb background_size=\u00a0\u00bbinitial\u00a0\u00bb background_position=\u00a0\u00bbtop_left\u00a0\u00bb background_repeat=\u00a0\u00bbrepeat\u00a0\u00bb width=\u00a0\u00bb100%\u00a0\u00bb width_tablet=\u00a0\u00bb100%\u00a0\u00bb width_phone=\u00a0\u00bb\u00a0\u00bb width_last_edited=\u00a0\u00bbon|desktop\u00a0\u00bb max_width=\u00a0\u00bb100%\u00a0\u00bb max_width_tablet=\u00a0\u00bb100%\u00a0\u00bb max_width_phone=\u00a0\u00bb\u00a0\u00bb max_width_last_edited=\u00a0\u00bbon|desktop\u00a0\u00bb custom_padding=\u00a0\u00bb0px|0px|0px|0px\u00a0\u00bb make_fullwidth=\u00a0\u00bbon\u00a0\u00bb global_colors_info=\u00a0\u00bb{}\u00a0\u00bb][et_pb_column type=\u00a0\u00bb1_4&Prime; _builder_version=\u00a0\u00bb4.16&Prime; custom_padding=\u00a0\u00bb|||\u00a0\u00bb global_colors_info=\u00a0\u00bb{}\u00a0\u00bb custom_padding__hover=\u00a0\u00bb|||\u00a0\u00bb][et_pb_image src=\u00a0\u00bbhttps:\/\/www.lesdunessuitesbenidorm.com\/wp-content\/uploads\/2019\/05\/apartamento-vertical-1.jpg\u00a0\u00bb alt=\u00a0\u00bblocation appartement \u00e0 benidorm\u00a0\u00bb title_text=\u00a0\u00bblocation appartement \u00e0 benidorm\u00a0\u00bb show_in_lightbox=\u00a0\u00bbon\u00a0\u00bb force_fullwidth=\u00a0\u00bbon\u00a0\u00bb align_tablet=\u00a0\u00bbcenter\u00a0\u00bb align_phone=\u00a0\u00bb\u00a0\u00bb align_last_edited=\u00a0\u00bbon|desktop\u00a0\u00bb admin_label=\u00a0\u00bbIMAGEN APARTAMENTO\u00a0\u00bb _builder_version=\u00a0\u00bb4.26.0&Prime; animation_direction=\u00a0\u00bbleft\u00a0\u00bb global_colors_info=\u00a0\u00bb{}\u00a0\u00bb]&nbsp;<br \/>\n[\/et_pb_image][\/et_pb_column][et_pb_column type=\u00a0\u00bb1_4&Prime; _builder_version=\u00a0\u00bb4.16&Prime; custom_padding=\u00a0\u00bb|||\u00a0\u00bb global_colors_info=\u00a0\u00bb{}\u00a0\u00bb custom_padding__hover=\u00a0\u00bb|||\u00a0\u00bb][et_pb_image src=\u00a0\u00bbhttps:\/\/www.lesdunessuitesbenidorm.com\/wp-content\/uploads\/2018\/05\/vista-apartamentos-les-dunes-benidorm-1.jpg\u00a0\u00bb alt=\u00a0\u00bbappartement-benidorm-sea-views\u00a0\u00bb title_text=\u00a0\u00bbBenidorm appartement \u00e0 louer avec vue sur la mer\u00a0\u00bb show_in_lightbox=\u00a0\u00bbon\u00a0\u00bb force_fullwidth=\u00a0\u00bbon\u00a0\u00bb align_tablet=\u00a0\u00bbcenter\u00a0\u00bb align_phone=\u00a0\u00bb\u00a0\u00bb align_last_edited=\u00a0\u00bbon|desktop\u00a0\u00bb _builder_version=\u00a0\u00bb4.16&Prime; animation_direction=\u00a0\u00bbleft\u00a0\u00bb locked=\u00a0\u00bboff\u00a0\u00bb global_colors_info=\u00a0\u00bb{}\u00a0\u00bb]&nbsp;<br \/>\n[\/et_pb_image][\/et_pb_column][et_pb_column type=\u00a0\u00bb1_4&Prime; _builder_version=\u00a0\u00bb4.16&Prime; custom_padding=\u00a0\u00bb|||\u00a0\u00bb global_colors_info=\u00a0\u00bb{}\u00a0\u00bb custom_padding__hover=\u00a0\u00bb|||\u00a0\u00bb][et_pb_image src=\u00a0\u00bbhttps:\/\/www.lesdunessuitesbenidorm.com\/wp-content\/uploads\/2019\/05\/apartamento-vertical-2-1.jpg\u00a0\u00bb alt=\u00a0\u00bbrent-apartment-benidorm-sea-views\u00a0\u00bb title_text=\u00a0\u00bbLocation appartement vue mer benidorm\u00a0\u00bb show_in_lightbox=\u00a0\u00bbon\u00a0\u00bb force_fullwidth=\u00a0\u00bbon\u00a0\u00bb align_tablet=\u00a0\u00bbcenter\u00a0\u00bb align_phone=\u00a0\u00bb\u00a0\u00bb align_last_edited=\u00a0\u00bbon|desktop\u00a0\u00bb _builder_version=\u00a0\u00bb4.16&Prime; animation_direction=\u00a0\u00bbleft\u00a0\u00bb locked=\u00a0\u00bboff\u00a0\u00bb global_colors_info=\u00a0\u00bb{}\u00a0\u00bb]&nbsp;<br \/>\n[\/et_pb_image][\/et_pb_column][et_pb_column type=\u00a0\u00bb1_4&Prime; _builder_version=\u00a0\u00bb4.16&Prime; custom_padding=\u00a0\u00bb|||\u00a0\u00bb global_colors_info=\u00a0\u00bb{}\u00a0\u00bb custom_padding__hover=\u00a0\u00bb|||\u00a0\u00bb][et_pb_image src=\u00a0\u00bbhttps:\/\/www.lesdunessuitesbenidorm.com\/wp-content\/uploads\/2022\/04\/vertical-piscina-les-dunes.jpg\u00a0\u00bb alt=\u00a0\u00bbappartement-sea-view\u00a0\u00bb title_text=\u00a0\u00bbvertical-piscina-les-dunes\u00a0\u00bb show_in_lightbox=\u00a0\u00bbon\u00a0\u00bb force_fullwidth=\u00a0\u00bbon\u00a0\u00bb align_tablet=\u00a0\u00bbcenter\u00a0\u00bb align_phone=\u00a0\u00bb\u00a0\u00bb align_last_edited=\u00a0\u00bbon|desktop\u00a0\u00bb _builder_version=\u00a0\u00bb4.16.0&Prime; locked=\u00a0\u00bboff\u00a0\u00bb global_colors_info=\u00a0\u00bb{}\u00a0\u00bb]&nbsp;<br \/>\n[\/et_pb_image][\/et_pb_column][\/et_pb_row][\/et_pb_section][et_pb_section fb_built=\u00a0\u00bb1&Prime; _builder_version=\u00a0\u00bb4.16&Prime; custom_padding=\u00a0\u00bb110px||110px|\u00a0\u00bb global_colors_info=\u00a0\u00bb{}\u00a0\u00bb][et_pb_row column_structure=\u00a0\u00bb3_5,2_5&Prime; _builder_version=\u00a0\u00bb4.16&Prime; background_size=\u00a0\u00bbinitial\u00a0\u00bb background_position=\u00a0\u00bbtop_left\u00a0\u00bb background_repeat=\u00a0\u00bbrepeat\u00a0\u00bb global_colors_info=\u00a0\u00bb{}\u00a0\u00bb][et_pb_column type=\u00a0\u00bb3_5&Prime; _builder_version=\u00a0\u00bb4.16&Prime; custom_padding=\u00a0\u00bb|||\u00a0\u00bb global_colors_info=\u00a0\u00bb{}\u00a0\u00bb custom_padding__hover=\u00a0\u00bb|||\u00a0\u00bb][et_pb_text admin_label=\u00a0\u00bbBienvenidos a Apartamentos Les Dunes Suites\u00a0\u00bb _builder_version=\u00a0\u00bb4.16&Prime; text_font=\u00a0\u00bb||||\u00a0\u00bb text_text_color=\u00a0\u00bb#1a1a1a\u00a0\u00bb header_font=\u00a0\u00bbOswald|on||on|\u00a0\u00bb header_text_align=\u00a0\u00bbleft\u00a0\u00bb header_font_size=\u00a0\u00bb34px\u00a0\u00bb header_line_height=\u00a0\u00bb1.3em\u00a0\u00bb background_size=\u00a0\u00bbinitial\u00a0\u00bb background_position=\u00a0\u00bbtop_left\u00a0\u00bb background_repeat=\u00a0\u00bbrepeat\u00a0\u00bb global_colors_info=\u00a0\u00bb{}\u00a0\u00bb]<\/p>\n<h2>Bienvenue aux appartements Les Dunes Suites<\/h2>\n<p>[\/et_pb_text][et_pb_divider color=\u00a0\u00bb#ed4441&Prime; divider_position=\u00a0\u00bbcenter\u00a0\u00bb divider_weight=\u00a0\u00bb3px\u00a0\u00bb disabled_on=\u00a0\u00bboff|off|off\u00a0\u00bb _builder_version=\u00a0\u00bb4.16&Prime; max_width=\u00a0\u00bb150px\u00a0\u00bb height=\u00a0\u00bbfalse\u00a0\u00bb animation_style=\u00a0\u00bbslide\u00a0\u00bb animation_direction=\u00a0\u00bbtop\u00a0\u00bb animation_delay=\u00a0\u00bb200ms\u00a0\u00bb animation_intensity_slide=\u00a0\u00bb10%\u00a0\u00bb global_colors_info=\u00a0\u00bb{}\u00a0\u00bb]&nbsp;<br \/>\n[\/et_pb_divider][et_pb_text disabled_on=\u00a0\u00bbon|on|off%22%22&Prime; admin_label=\u00a0\u00bbDescripci\u00f3n apartamentos\u00a0\u00bb _builder_version=\u00a0\u00bb4.16&Prime; text_font=\u00a0\u00bbRoboto||||\u00a0\u00bb text_font_size=\u00a0\u00bb16px\u00a0\u00bb text_line_height=\u00a0\u00bb1.9em\u00a0\u00bb custom_padding=\u00a0\u00bb30px|||\u00a0\u00bb animation_style=\u00a0\u00bbslide\u00a0\u00bb animation_direction=\u00a0\u00bbtop\u00a0\u00bb animation_delay=\u00a0\u00bb300ms\u00a0\u00bb animation_intensity_slide=\u00a0\u00bb10%\u00a0\u00bb global_colors_info=\u00a0\u00bb{}\u00a0\u00bb]<\/p>\n<ul id=\"apartamentos\">\n<li>88 Suites avec 2, 3 et 4 lits.<\/li>\n<li>Certains d&rsquo;entre eux sont reli\u00e9s entre eux pour les familles nombreuses.<\/li>\n<li>Chaque suite se compose d&rsquo;un salon-salle \u00e0 manger, d&rsquo;une cuisine, d&rsquo;une chambre double et d&rsquo;une salle de bains.<\/li>\n<li>Selon l&rsquo;appartement, un canap\u00e9-lit est disponible.<\/li>\n<li>Elles sont \u00e9quip\u00e9es d&rsquo;une cuisine, d&rsquo;un r\u00e9frig\u00e9rateur, d&rsquo;un four \u00e0 micro-ondes, d&rsquo;une t\u00e9l\u00e9vision couleur avec antenne parabolique, d&rsquo;un t\u00e9l\u00e9phone direct et d&rsquo;un coffre-fort.<\/li>\n<li>Grande terrasse priv\u00e9e avec vue sur la mer. Climatisation en \u00e9t\u00e9 et chauffage en hiver.<\/li>\n<li>Piscine couverte, chauff\u00e9e en hiver.<\/li>\n<\/ul>\n<p>[\/et_pb_text][et_pb_text admin_label=\u00a0\u00bbApartamentos con vistas incre\u00edbles en primera linea de la playa de Levante en Benidorm.\u00a0\u00bb _builder_version=\u00a0\u00bb4.16&Prime; text_font=\u00a0\u00bbRoboto||||\u00a0\u00bb text_text_color=\u00a0\u00bb#1a1a1a\u00a0\u00bb text_font_size=\u00a0\u00bb24px\u00a0\u00bb text_line_height=\u00a0\u00bb1.4em\u00a0\u00bb animation_style=\u00a0\u00bbslide\u00a0\u00bb animation_direction=\u00a0\u00bbtop\u00a0\u00bb animation_delay=\u00a0\u00bb100ms\u00a0\u00bb animation_intensity_slide=\u00a0\u00bb10%\u00a0\u00bb global_colors_info=\u00a0\u00bb{}\u00a0\u00bb]<\/p>\n<h3 class=\"hp-poi-list__heading\">Lieux d&rsquo;int\u00e9r\u00eat les plus populaires<\/h3>\n<p>[\/et_pb_text][et_pb_divider color=\u00a0\u00bb#ed4441&Prime; divider_position=\u00a0\u00bbcenter\u00a0\u00bb divider_weight=\u00a0\u00bb3px\u00a0\u00bb disabled_on=\u00a0\u00bboff|off|off\u00a0\u00bb _builder_version=\u00a0\u00bb4.16&Prime; max_width=\u00a0\u00bb150px\u00a0\u00bb height=\u00a0\u00bbfalse\u00a0\u00bb animation_style=\u00a0\u00bbslide\u00a0\u00bb animation_direction=\u00a0\u00bbtop\u00a0\u00bb animation_delay=\u00a0\u00bb200ms\u00a0\u00bb animation_intensity_slide=\u00a0\u00bb10%\u00a0\u00bb global_colors_info=\u00a0\u00bb{}\u00a0\u00bb]&nbsp;<br \/>\n[\/et_pb_divider][et_pb_text disabled_on=\u00a0\u00bbon|on|off%22%22&Prime; admin_label=\u00a0\u00bbDescripci\u00f3n apartamentos\u00a0\u00bb _builder_version=\u00a0\u00bb4.16&Prime; text_font=\u00a0\u00bbRoboto||||\u00a0\u00bb text_font_size=\u00a0\u00bb16px\u00a0\u00bb text_line_height=\u00a0\u00bb1.9em\u00a0\u00bb custom_padding=\u00a0\u00bb30px|||\u00a0\u00bb animation_style=\u00a0\u00bbslide\u00a0\u00bb animation_direction=\u00a0\u00bbtop\u00a0\u00bb animation_delay=\u00a0\u00bb300ms\u00a0\u00bb animation_intensity_slide=\u00a0\u00bb10%\u00a0\u00bb global_colors_info=\u00a0\u00bb{}\u00a0\u00bb]<\/p>\n<ul id=\"apartamentos\">\n<li class=\"bui-list__item\">\n<div class=\"hp-poi-list__body\">\n<div class=\"hp-poi-list__description\">Aqualandia : <span class=\"hp-poi-list__distance\">2,1 km<\/span><\/div>\n<\/div>\n<\/li>\n<li class=\"bui-list__item\">\n<div class=\"hp-poi-list__body\">\n<div class=\"hp-poi-list__description\">Parc Aqua Natura : <span class=\"hp-poi-list__distance\">4,4 km<\/span><\/div>\n<\/div>\n<\/li>\n<li class=\"bui-list__item\">\n<div class=\"hp-poi-list__body\">\n<div class=\"hp-poi-list__description\">Terra Natura : <span class=\"hp-poi-list__distance\">4,4 km<\/span><\/div>\n<\/div>\n<\/li>\n<li class=\"bui-list__item\">\n<div class=\"hp-poi-list__body\">\n<div class=\"hp-poi-list__description\">Plage de La Cala : <span class=\"hp-poi-list__distance\">4,5 km<\/span><\/div>\n<\/div>\n<\/li>\n<li class=\"bui-list__item\">\n<div class=\"hp-poi-list__body\">\n<div class=\"hp-poi-list__description\">Terra Mitica : <span class=\"hp-poi-list__distance\">4,7 km<\/span><\/div>\n<\/div>\n<\/li>\n<\/ul>\n<p>[\/et_pb_text][\/et_pb_column][et_pb_column type=\u00a0\u00bb2_5&Prime; _builder_version=\u00a0\u00bb4.16&Prime; custom_padding=\u00a0\u00bb|||\u00a0\u00bb global_colors_info=\u00a0\u00bb{}\u00a0\u00bb custom_padding__hover=\u00a0\u00bb|||\u00a0\u00bb][et_pb_image src=\u00a0\u00bbhttps:\/\/www.lesdunessuitesbenidorm.com\/wp-content\/uploads\/2025\/08\/les-dunes-suites-benidorm-edificio.jpg\u00a0\u00bb alt=\u00a0\u00bbles-dunes-suites-benidorm-edificio\u00a0\u00bb title_text=\u00a0\u00bbles-dunes-suites-benidorm-edificio\u00a0\u00bb force_fullwidth=\u00a0\u00bbon\u00a0\u00bb align_tablet=\u00a0\u00bbcenter\u00a0\u00bb align_phone=\u00a0\u00bb\u00a0\u00bb align_last_edited=\u00a0\u00bbon|desktop\u00a0\u00bb _builder_version=\u00a0\u00bb4.27.4&Prime; background_size=\u00a0\u00bbinitial\u00a0\u00bb background_position=\u00a0\u00bbtop_left\u00a0\u00bb background_repeat=\u00a0\u00bbrepeat\u00a0\u00bb animation_direction=\u00a0\u00bbright\u00a0\u00bb animation=\u00a0\u00bbfade_in\u00a0\u00bb global_colors_info=\u00a0\u00bb{}\u00a0\u00bb]&nbsp;<br \/>\n[\/et_pb_image][\/et_pb_column][\/et_pb_row][\/et_pb_section][et_pb_section fb_built=\u00a0\u00bb1&Prime; inner_shadow=\u00a0\u00bbon\u00a0\u00bb admin_label=\u00a0\u00bbCTA\u00a0\u00bb _builder_version=\u00a0\u00bb4.16&Prime; background_image=\u00a0\u00bbhttps:\/\/www.lesdunessuitesbenidorm.com\/wp-content\/uploads\/2018\/05\/apartamentos-les-dunes-suites-benidorm.jpg\u00a0\u00bb parallax=\u00a0\u00bbon\u00a0\u00bb custom_margin=\u00a0\u00bb|||\u00a0\u00bb custom_padding=\u00a0\u00bb0px|||\u00a0\u00bb global_colors_info=\u00a0\u00bb{}\u00a0\u00bb][et_pb_row use_custom_gutter=\u00a0\u00bbon\u00a0\u00bb gutter_width=\u00a0\u00bb1&Prime; custom_padding_last_edited=\u00a0\u00bbon|tablet\u00a0\u00bb module_class=\u00a0\u00bb et_pb_row_fullwidth\u00a0\u00bb _builder_version=\u00a0\u00bb4.16&Prime; use_background_color_gradient=\u00a0\u00bbon\u00a0\u00bb background_color_gradient_stops=\u00a0\u00bb#ffffff 0%|rgba(255,255,255,0) 22%\u00a0\u00bb background_color_gradient_start=\u00a0\u00bb#ffffff\u00a0\u00bb background_color_gradient_end=\u00a0\u00bbrgba(255,255,255,0)\u00a0\u00bb background_color_gradient_end_position=\u00a0\u00bb22%\u00a0\u00bb background_size=\u00a0\u00bbinitial\u00a0\u00bb background_position=\u00a0\u00bbtop_left\u00a0\u00bb background_repeat=\u00a0\u00bbrepeat\u00a0\u00bb width=\u00a0\u00bb100%\u00a0\u00bb width_tablet=\u00a0\u00bb100%\u00a0\u00bb width_phone=\u00a0\u00bb\u00a0\u00bb width_last_edited=\u00a0\u00bbon|desktop\u00a0\u00bb max_width=\u00a0\u00bb100%\u00a0\u00bb max_width_tablet=\u00a0\u00bb100%\u00a0\u00bb max_width_phone=\u00a0\u00bb\u00a0\u00bb max_width_last_edited=\u00a0\u00bbon|desktop\u00a0\u00bb custom_padding=\u00a0\u00bb220px|0px|220px|0px\u00a0\u00bb custom_padding_tablet=\u00a0\u00bb0px|||\u00a0\u00bb custom_padding_phone=\u00a0\u00bb\u00a0\u00bb make_fullwidth=\u00a0\u00bbon\u00a0\u00bb global_colors_info=\u00a0\u00bb{}\u00a0\u00bb][et_pb_column type=\u00a0\u00bb4_4&Prime; _builder_version=\u00a0\u00bb4.16&Prime; custom_padding=\u00a0\u00bb|||\u00a0\u00bb global_colors_info=\u00a0\u00bb{}\u00a0\u00bb custom_padding__hover=\u00a0\u00bb|||\u00a0\u00bb][et_pb_text admin_label=\u00a0\u00bbCTA Section Title\u00a0\u00bb _builder_version=\u00a0\u00bb4.16&Prime; text_font=\u00a0\u00bb||||\u00a0\u00bb text_line_height=\u00a0\u00bb1em\u00a0\u00bb header_font=\u00a0\u00bbOswald|on||on|\u00a0\u00bb header_text_align=\u00a0\u00bbcenter\u00a0\u00bb header_font_size=\u00a0\u00bb55px\u00a0\u00bb header_line_height=\u00a0\u00bb1.3em\u00a0\u00bb background_size=\u00a0\u00bbinitial\u00a0\u00bb background_position=\u00a0\u00bbtop_left\u00a0\u00bb background_repeat=\u00a0\u00bbrepeat\u00a0\u00bb background_layout=\u00a0\u00bbdark\u00a0\u00bb module_alignment=\u00a0\u00bbcenter\u00a0\u00bb custom_margin=\u00a0\u00bb||60px|\u00a0\u00bb custom_padding=\u00a0\u00bb|||\u00a0\u00bb animation_style=\u00a0\u00bbslide\u00a0\u00bb animation_direction=\u00a0\u00bbtop\u00a0\u00bb animation_intensity_slide=\u00a0\u00bb10%\u00a0\u00bb text_text_shadow_style=\u00a0\u00bbpreset2&Prime; locked=\u00a0\u00bboff\u00a0\u00bb global_colors_info=\u00a0\u00bb{}\u00a0\u00bb]<\/p>\n<h1>QU&rsquo;ATTENDEZ-VOUS POUR LOUER VOTRE APPARTEMENT \u00c0 BENIDORM ?<\/h1>\n<p>[\/et_pb_text][et_pb_button button_url=\u00a0\u00bbhttps:\/\/www.lesdunessuitesbenidorm.com\/reservar-apartamento-en-benidorm-les-dunes-suites\/\u00a0\u00bb button_text=\u00a0\u00bbBOOK FLAT\u00a0\u00bb button_alignment=\u00a0\u00bbcenter\u00a0\u00bb _builder_version=\u00a0\u00bb4.16&Prime; custom_button=\u00a0\u00bbon\u00a0\u00bb button_text_color=\u00a0\u00bb#ffffff\u00a0\u00bb button_bg_color=\u00a0\u00bb#ed4441&Prime; button_border_color=\u00a0\u00bb#ed4441&Prime; button_border_radius=\u00a0\u00bb0px\u00a0\u00bb button_letter_spacing=\u00a0\u00bb4px\u00a0\u00bb button_font=\u00a0\u00bbOswald|on||on|\u00a0\u00bb button_icon=\u00a0\u00bb&#x24;||divi||400&Prime; button_icon_color=\u00a0\u00bb#1a1a1a\u00a0\u00bb button_border_color_hover=\u00a0\u00bb#1a1a1a\u00a0\u00bb button_border_radius_hover=\u00a0\u00bb0px\u00a0\u00bb button_letter_spacing_hover=\u00a0\u00bb4px\u00a0\u00bb button_bg_color_hover=\u00a0\u00bbrgba(0,0,0,0)\u00a0\u00bb locked=\u00a0\u00bboff\u00a0\u00bb global_colors_info=\u00a0\u00bb{}\u00a0\u00bb button_text_size__hover_enabled=\u00a0\u00bboff\u00a0\u00bb button_text_size__hover=\u00a0\u00bbnull\u00a0\u00bb button_one_text_size__hover_enabled=\u00a0\u00bboff\u00a0\u00bb button_one_text_size__hover=\u00a0\u00bbnull\u00a0\u00bb button_two_text_size__hover_enabled=\u00a0\u00bboff\u00a0\u00bb button_two_text_size__hover=\u00a0\u00bbnull\u00a0\u00bb button_text_color__hover_enabled=\u00a0\u00bboff\u00a0\u00bb button_text_color__hover=\u00a0\u00bbnull\u00a0\u00bb button_one_text_color__hover_enabled=\u00a0\u00bboff\u00a0\u00bb button_one_text_color__hover=\u00a0\u00bbnull\u00a0\u00bb button_two_text_color__hover_enabled=\u00a0\u00bboff\u00a0\u00bb button_two_text_color__hover=\u00a0\u00bbnull\u00a0\u00bb button_border_width__hover_enabled=\u00a0\u00bboff\u00a0\u00bb button_border_width__hover=\u00a0\u00bbnull\u00a0\u00bb button_one_border_width__hover_enabled=\u00a0\u00bboff\u00a0\u00bb button_one_border_width__hover=\u00a0\u00bbnull\u00a0\u00bb button_two_border_width__hover_enabled=\u00a0\u00bboff\u00a0\u00bb button_two_border_width__hover=\u00a0\u00bbnull\u00a0\u00bb button_border_color__hover_enabled=\u00a0\u00bbon\u00a0\u00bb button_border_color__hover=\u00a0\u00bb#1a1a1a\u00a0\u00bb button_one_border_color__hover_enabled=\u00a0\u00bboff\u00a0\u00bb button_one_border_color__hover=\u00a0\u00bbnull\u00a0\u00bb button_two_border_color__hover_enabled=\u00a0\u00bboff\u00a0\u00bb button_two_border_color__hover=\u00a0\u00bbnull\u00a0\u00bb button_border_radius__hover_enabled=\u00a0\u00bbon\u00a0\u00bb button_border_radius__hover=\u00a0\u00bb0px\u00a0\u00bb button_one_border_radius__hover_enabled=\u00a0\u00bboff\u00a0\u00bb button_one_border_radius__hover=\u00a0\u00bbnull\u00a0\u00bb button_two_border_radius__hover_enabled=\u00a0\u00bboff\u00a0\u00bb button_two_border_radius__hover=\u00a0\u00bbnull\u00a0\u00bb button_letter_spacing__hover_enabled=\u00a0\u00bbon\u00a0\u00bb button_letter_spacing__hover=\u00a0\u00bb4px\u00a0\u00bb button_one_letter_spacing__hover_enabled=\u00a0\u00bboff\u00a0\u00bb button_one_letter_spacing__hover=\u00a0\u00bbnull\u00a0\u00bb button_two_letter_spacing__hover_enabled=\u00a0\u00bboff\u00a0\u00bb button_two_letter_spacing__hover=\u00a0\u00bbnull\u00a0\u00bb button_bg_color__hover_enabled=\u00a0\u00bbon\u00a0\u00bb button_bg_color__hover=\u00a0\u00bbrgba(0,0,0,0)\u00a0\u00bb button_one_bg_color__hover_enabled=\u00a0\u00bboff\u00a0\u00bb button_one_bg_color__hover=\u00a0\u00bbnull\u00a0\u00bb button_two_bg_color__hover_enabled=\u00a0\u00bboff\u00a0\u00bb button_two_bg_color__hover=\u00a0\u00bbnull\u00a0\u00bb]&nbsp;<br \/>\n[\/et_pb_button][\/et_pb_column][\/et_pb_row][\/et_pb_section][et_pb_section fb_built=\u00a0\u00bb1&Prime; theme_builder_area=\u00a0\u00bbpost_content\u00a0\u00bb _builder_version=\u00a0\u00bb4.27.5&Prime; _module_preset=\u00a0\u00bbdefault\u00a0\u00bb custom_padding=\u00a0\u00bb0px||0px||false|false\u00a0\u00bb hover_enabled=\u00a0\u00bb0&Prime; sticky_enabled=\u00a0\u00bb0&Prime;][et_pb_row _builder_version=\u00a0\u00bb4.27.5&Prime; _module_preset=\u00a0\u00bbdefault\u00a0\u00bb theme_builder_area=\u00a0\u00bbpost_content\u00a0\u00bb][et_pb_column _builder_version=\u00a0\u00bb4.27.5&Prime; _module_preset=\u00a0\u00bbdefault\u00a0\u00bb type=\u00a0\u00bb4_4&Prime; theme_builder_area=\u00a0\u00bbpost_content\u00a0\u00bb][et_pb_image src=\u00a0\u00bbhttps:\/\/www.lesdunessuitesbenidorm.com\/wp-content\/uploads\/2026\/04\/pie.png\u00a0\u00bb _builder_version=\u00a0\u00bb4.27.5&Prime; _module_preset=\u00a0\u00bbdefault\u00a0\u00bb theme_builder_area=\u00a0\u00bbpost_content\u00a0\u00bb title_text=\u00a0\u00bbpie\u00a0\u00bb hover_enabled=\u00a0\u00bb0&Prime; sticky_enabled=\u00a0\u00bb0&Prime;][\/et_pb_image][\/et_pb_column][\/et_pb_row][\/et_pb_section]<\/p>\n","protected":false},"excerpt":{"rendered":"<p>Bienvenue aux Dunes Suites Apartments, appartements \u00e0 louer \u00e0 Benidorm, en premi\u00e8re ligne de la plage de Levante et tous avec vue sur la mer. Votre meilleur choix pour r\u00e9server un appartement en bord de mer sur la plage de Levante.R\u00e9servez votre location d&rsquo;appartement \u00e0 Benidorm#BenidormTeEsperaFORMULAIRE DE DEMANDE DE R\u00c9SERVATION Pour les r\u00e9servations en d\u00e9cembre, [&hellip;]<\/p>\n","protected":false},"author":3,"featured_media":0,"parent":0,"menu_order":0,"comment_status":"closed","ping_status":"closed","template":"","meta":{"_et_pb_use_builder":"on","_et_pb_old_content":"","_et_gb_content_width":"","footnotes":""},"class_list":["post-1535","page","type-page","status-publish","hentry"],"_links":{"self":[{"href":"https:\/\/www.lesdunessuitesbenidorm.com\/fr\/wp-json\/wp\/v2\/pages\/1535","targetHints":{"allow":["GET"]}}],"collection":[{"href":"https:\/\/www.lesdunessuitesbenidorm.com\/fr\/wp-json\/wp\/v2\/pages"}],"about":[{"href":"https:\/\/www.lesdunessuitesbenidorm.com\/fr\/wp-json\/wp\/v2\/types\/page"}],"author":[{"embeddable":true,"href":"https:\/\/www.lesdunessuitesbenidorm.com\/fr\/wp-json\/wp\/v2\/users\/3"}],"replies":[{"embeddable":true,"href":"https:\/\/www.lesdunessuitesbenidorm.com\/fr\/wp-json\/wp\/v2\/comments?post=1535"}],"version-history":[{"count":6,"href":"https:\/\/www.lesdunessuitesbenidorm.com\/fr\/wp-json\/wp\/v2\/pages\/1535\/revisions"}],"predecessor-version":[{"id":3097,"href":"https:\/\/www.lesdunessuitesbenidorm.com\/fr\/wp-json\/wp\/v2\/pages\/1535\/revisions\/3097"}],"wp:attachment":[{"href":"https:\/\/www.lesdunessuitesbenidorm.com\/fr\/wp-json\/wp\/v2\/media?parent=1535"}],"curies":[{"name":"wp","href":"https:\/\/api.w.org\/{rel}","templated":true}]}}