{"id":1550,"date":"2018-06-05T15:16:07","date_gmt":"2018-06-05T13:16:07","guid":{"rendered":"https:\/\/www.lesdunessuitesbenidorm.com\/reservar\/alquiler-apartamento-en-benidorm-2-personas\/"},"modified":"2019-05-02T12:56:18","modified_gmt":"2019-05-02T10:56:18","slug":"appartement-a-louer-benidorm-2-personnes","status":"publish","type":"hb_accommodation","link":"https:\/\/www.lesdunessuitesbenidorm.com\/fr\/reservar\/appartement-a-louer-benidorm-2-personnes\/","title":{"rendered":"Appartement \u00e0 louer Benidorm 2 Personnes"},"content":{"rendered":"<p>Chaque suite est compos\u00e9e d&rsquo;une salle \u00e0 manger, cuisine, chambre double et d&rsquo;une salle de bains.<br \/>\nL&rsquo;appartement dispose d&rsquo;un canap\u00e9-lit. Ils sont \u00e9quip\u00e9s d&rsquo;une cuisine, r\u00e9frig\u00e9rateur, four micro-ondes, TV couleur avec antenne satellite, t\u00e9l\u00e9phone direct et coffre-fort.<\/p>\n<p>Grande terrasse priv\u00e9e avec vue sur la mer.<br \/>\nClimatisation en \u00e9t\u00e9 et chauffage en hiver.<br \/>\nPiscine couverte chauff\u00e9e en hiver.<\/p>\n<p>&nbsp;<\/p>\n\n\t\t<style type=\"text\/css\">\n\t\t\t#gallery-1 {\n\t\t\t\tmargin: auto;\n\t\t\t}\n\t\t\t#gallery-1 .gallery-item {\n\t\t\t\tfloat: left;\n\t\t\t\tmargin-top: 10px;\n\t\t\t\ttext-align: center;\n\t\t\t\twidth: 33%;\n\t\t\t}\n\t\t\t#gallery-1 img {\n\t\t\t\tborder: 2px solid #cfcfcf;\n\t\t\t}\n\t\t\t#gallery-1 .gallery-caption {\n\t\t\t\tmargin-left: 0;\n\t\t\t}\n\t\t\t\/* see gallery_shortcode() in wp-includes\/media.php *\/\n\t\t<\/style>\n\t\t<div id='gallery-1' class='gallery galleryid-1550 gallery-columns-3 gallery-size-medium'><dl class='gallery-item'>\n\t\t\t<dt class='gallery-icon landscape'>\n\t\t\t\t<a title=\"apartamentos les dunes suites benidorm\"  href='https:\/\/www.lesdunessuitesbenidorm.com\/wp-content\/uploads\/2018\/05\/apartamentos-les-dunes-suites-benidorm.jpg'><img loading=\"lazy\" decoding=\"async\" width=\"300\" height=\"169\" src=\"https:\/\/www.lesdunessuitesbenidorm.com\/wp-content\/uploads\/2018\/05\/apartamentos-les-dunes-suites-benidorm-300x169.jpg\" class=\"attachment-medium size-medium\" alt=\"apartamentos les dunes suites benidorm\" aria-describedby=\"gallery-1-794\" \/><\/a>\n\t\t\t<\/dt>\n\t\t\t\t<dd class='wp-caption-text gallery-caption' id='gallery-1-794'>\n\t\t\t\tapartamentos les dunes suites benidorm\n\t\t\t\t<\/dd><\/dl><dl class='gallery-item'>\n\t\t\t<dt class='gallery-icon landscape'>\n\t\t\t\t<a title=\"apartamento les dunes benidorm 2\"  href='https:\/\/www.lesdunessuitesbenidorm.com\/wp-content\/uploads\/2018\/05\/apartamento-les-dunes-benidorm-2.jpg'><img loading=\"lazy\" decoding=\"async\" width=\"300\" height=\"169\" src=\"https:\/\/www.lesdunessuitesbenidorm.com\/wp-content\/uploads\/2018\/05\/apartamento-les-dunes-benidorm-2-300x169.jpg\" class=\"attachment-medium size-medium\" alt=\"apartamento les dunes benidorm 2\" aria-describedby=\"gallery-1-1765\" \/><\/a>\n\t\t\t<\/dt>\n\t\t\t\t<dd class='wp-caption-text gallery-caption' id='gallery-1-1765'>\n\t\t\t\tapartamento les dunes benidorm 2\n\t\t\t\t<\/dd><\/dl><dl class='gallery-item'>\n\t\t\t<dt class='gallery-icon landscape'>\n\t\t\t\t<a title=\"apartamento les dunes benidorm 3\"  href='https:\/\/www.lesdunessuitesbenidorm.com\/wp-content\/uploads\/2018\/05\/apartamento-les-dunes-benidorm-3.jpg'><img loading=\"lazy\" decoding=\"async\" width=\"300\" height=\"169\" src=\"https:\/\/www.lesdunessuitesbenidorm.com\/wp-content\/uploads\/2018\/05\/apartamento-les-dunes-benidorm-3-300x169.jpg\" class=\"attachment-medium size-medium\" alt=\"apartamento les dunes benidorm 3\" aria-describedby=\"gallery-1-1761\" \/><\/a>\n\t\t\t<\/dt>\n\t\t\t\t<dd class='wp-caption-text gallery-caption' id='gallery-1-1761'>\n\t\t\t\tapartamento les dunes benidorm 3\n\t\t\t\t<\/dd><\/dl><br style=\"clear: both\" \/><dl class='gallery-item'>\n\t\t\t<dt class='gallery-icon landscape'>\n\t\t\t\t<a title=\"apartamento les dunes benidorm 4\"  href='https:\/\/www.lesdunessuitesbenidorm.com\/wp-content\/uploads\/2018\/05\/apartamento-les-dunes-benidorm-4.jpg'><img loading=\"lazy\" decoding=\"async\" width=\"300\" height=\"169\" src=\"https:\/\/www.lesdunessuitesbenidorm.com\/wp-content\/uploads\/2018\/05\/apartamento-les-dunes-benidorm-4-300x169.jpg\" class=\"attachment-medium size-medium\" alt=\"apartamento les dunes benidorm 4\" aria-describedby=\"gallery-1-1757\" \/><\/a>\n\t\t\t<\/dt>\n\t\t\t\t<dd class='wp-caption-text gallery-caption' id='gallery-1-1757'>\n\t\t\t\tapartamento les dunes benidorm 4\n\t\t\t\t<\/dd><\/dl><dl class='gallery-item'>\n\t\t\t<dt class='gallery-icon landscape'>\n\t\t\t\t<a title=\"apartamento les dunes benidorm 5\"  href='https:\/\/www.lesdunessuitesbenidorm.com\/wp-content\/uploads\/2018\/05\/apartamento-les-dunes-benidorm-5.jpg'><img loading=\"lazy\" decoding=\"async\" width=\"300\" height=\"169\" src=\"https:\/\/www.lesdunessuitesbenidorm.com\/wp-content\/uploads\/2018\/05\/apartamento-les-dunes-benidorm-5-300x169.jpg\" class=\"attachment-medium size-medium\" alt=\"apartamento les dunes benidorm 5\" aria-describedby=\"gallery-1-1753\" \/><\/a>\n\t\t\t<\/dt>\n\t\t\t\t<dd class='wp-caption-text gallery-caption' id='gallery-1-1753'>\n\t\t\t\tapartamento les dunes benidorm 5\n\t\t\t\t<\/dd><\/dl><dl class='gallery-item'>\n\t\t\t<dt class='gallery-icon landscape'>\n\t\t\t\t<a title=\"apartamento les dunes benidorm 1\"  href='https:\/\/www.lesdunessuitesbenidorm.com\/wp-content\/uploads\/2018\/05\/apartamento-les-dunes-benidorm-1.jpg'><img loading=\"lazy\" decoding=\"async\" width=\"300\" height=\"169\" src=\"https:\/\/www.lesdunessuitesbenidorm.com\/wp-content\/uploads\/2018\/05\/apartamento-les-dunes-benidorm-1-300x169.jpg\" class=\"attachment-medium size-medium\" alt=\"apartamento les dunes benidorm 1\" aria-describedby=\"gallery-1-1749\" \/><\/a>\n\t\t\t<\/dt>\n\t\t\t\t<dd class='wp-caption-text gallery-caption' id='gallery-1-1749'>\n\t\t\t\tapartamento les dunes benidorm 1\n\t\t\t\t<\/dd><\/dl><br style=\"clear: both\" \/>\n\t\t<\/div>\n\n<p>&nbsp;<\/p>\n<h2>La disponibilit\u00e9<\/h2>\n<h3 id=\"shortcode_availability\"><b><\/b><\/h3>\n","protected":false},"featured_media":1749,"template":"","class_list":["post-1550","hb_accommodation","type-hb_accommodation","status-publish","has-post-thumbnail","hentry"],"_links":{"self":[{"href":"https:\/\/www.lesdunessuitesbenidorm.com\/fr\/wp-json\/wp\/v2\/hb_accommodation\/1550","targetHints":{"allow":["GET"]}}],"collection":[{"href":"https:\/\/www.lesdunessuitesbenidorm.com\/fr\/wp-json\/wp\/v2\/hb_accommodation"}],"about":[{"href":"https:\/\/www.lesdunessuitesbenidorm.com\/fr\/wp-json\/wp\/v2\/types\/hb_accommodation"}],"version-history":[{"count":0,"href":"https:\/\/www.lesdunessuitesbenidorm.com\/fr\/wp-json\/wp\/v2\/hb_accommodation\/1550\/revisions"}],"wp:featuredmedia":[{"embeddable":true,"href":"https:\/\/www.lesdunessuitesbenidorm.com\/fr\/wp-json\/wp\/v2\/media\/1749"}],"wp:attachment":[{"href":"https:\/\/www.lesdunessuitesbenidorm.com\/fr\/wp-json\/wp\/v2\/media?parent=1550"}],"curies":[{"name":"wp","href":"https:\/\/api.w.org\/{rel}","templated":true}]}}